{"id":3000,"date":"2023-11-13T14:44:35","date_gmt":"2023-11-13T13:44:35","guid":{"rendered":"https:\/\/adtraininginstitute.com\/podcast\/"},"modified":"2026-02-22T11:08:40","modified_gmt":"2026-02-22T10:08:40","slug":"podcast","status":"publish","type":"page","link":"https:\/\/adtraininginstitute.com\/hr\/podcast\/","title":{"rendered":"Podcast"},"content":{"rendered":"<p>[et_pb_section fb_built=&#8221;1&#8243; _builder_version=&#8221;4.22.1&#8243; _module_preset=&#8221;629c98b4-ea43-40c3-b023-41e57fd133cc&#8221; box_shadow_style=&#8221;none&#8221; global_colors_info=&#8221;{}&#8221;][et_pb_row column_structure=&#8221;3_4,1_4&#8243; make_equal=&#8221;on&#8221; _builder_version=&#8221;4.22.1&#8243; _module_preset=&#8221;default&#8221; custom_css_main_element=&#8221;align-items: center;&#8221; global_colors_info=&#8221;{}&#8221;][et_pb_column type=&#8221;3_4&#8243; _builder_version=&#8221;4.22.1&#8243; _module_preset=&#8221;default&#8221; global_colors_info=&#8221;{}&#8221;][et_pb_text _builder_version=&#8221;4.22.2&#8243; _module_preset=&#8221;534cc526-6274-4e31-9e1a-7f18a5947bf1&#8243; header_4_font=&#8221;|600||on|||||&#8221; header_4_text_align=&#8221;left&#8221; header_4_text_color=&#8221;#FFCE02&#8243; header_4_font_size=&#8221;14px&#8221; header_4_letter_spacing=&#8221;2px&#8221; header_4_line_height=&#8221;1.5em&#8221; custom_margin=&#8221;||0px||false|false&#8221; header_4_font_size_tablet=&#8221;14px&#8221; header_4_font_size_phone=&#8221;&#8221; header_4_font_size_last_edited=&#8221;on|tablet&#8221; locked=&#8221;off&#8221; global_colors_info=&#8221;{}&#8221;]<\/p>\n<h4>BESPLATNI RESURSI \u2014<\/h4>\n<p>[\/et_pb_text][et_pb_text _builder_version=&#8221;4.22.2&#8243; _module_preset=&#8221;954ad5f8-b22a-45d8-9a52-f362639192fb&#8221; header_2_text_color=&#8221;#343A40&#8243; custom_margin=&#8221;||10px||false|false&#8221; header_2_font_size_tablet=&#8221;&#8221; header_2_font_size_phone=&#8221;30px&#8221; header_2_font_size_last_edited=&#8221;on|tablet&#8221; global_colors_info=&#8221;{}&#8221;]<\/p>\n<h2>Podcast<\/h2>\n<p>[\/et_pb_text][\/et_pb_column][et_pb_column type=&#8221;1_4&#8243; _builder_version=&#8221;4.22.1&#8243; _module_preset=&#8221;default&#8221; global_colors_info=&#8221;{}&#8221;][et_pb_image src=&#8221;https:\/\/adtraininginstitute.com\/wp-content\/uploads\/2023\/11\/Master_color-32.png&#8221; title_text=&#8221;Glavna_boja-32&#8243; _builder_version=&#8221;4.22.2&#8243; _module_preset=&#8221;default&#8221; animation_style=&#8221;roll&#8221; locked=&#8221;off&#8221; global_colors_info=&#8221;{}&#8221;][\/et_pb_image][\/et_pb_column][\/et_pb_row][\/et_pb_section][et_pb_section fb_built=&#8221;1&#8243; _builder_version=&#8221;4.22.1&#8243; _module_preset=&#8221;default&#8221; custom_padding=&#8221;100px||100px||true|false&#8221; top_divider_style=&#8221;wave2&#8243; top_divider_color=&#8221;#FDFAF4&#8243; top_divider_height=&#8221;50px&#8221; locked=&#8221;off&#8221; global_colors_info=&#8221;{}&#8221;][et_pb_row column_structure=&#8221;2_3,1_3&#8243; make_equal=&#8221;on&#8221; _builder_version=&#8221;4.27.5&#8243; _module_preset=&#8221;default&#8221; module_alignment=&#8221;center&#8221; custom_margin=&#8221;20px|auto|50px|13px|false|false&#8221; custom_padding=&#8221;20px||20px||true|false&#8221; hover_enabled=&#8221;0&#8243; global_colors_info=&#8221;{}&#8221; sticky_enabled=&#8221;0&#8243;][et_pb_column type=&#8221;2_3&#8243; _builder_version=&#8221;4.23.1&#8243; _module_preset=&#8221;default&#8221; global_colors_info=&#8221;{}&#8221;][et_pb_text _builder_version=&#8221;4.23.1&#8243; _module_preset=&#8221;954ad5f8-b22a-45d8-9a52-f362639192fb&#8221; header_text_color=&#8221;#343A40&#8243; header_2_text_color=&#8221;#067BBF&#8221; custom_margin=&#8221;||10px||false|false&#8221; animation_style=&#8221;slide&#8221; animation_direction=&#8221;left&#8221; locked=&#8221;off&#8221; global_colors_info=&#8221;{}&#8221;]<\/p>\n<h1>Podcast \u201cMindfulness u psihoterapijskoj obuci i superviziji\u201d<\/h1>\n<p>[\/et_pb_text][et_pb_text _builder_version=&#8221;4.23.1&#8243; _module_preset=&#8221;5016e920-317b-4735-9c41-1f9c36333cf5&#8243; text_font=&#8221;||||||||&#8221; text_text_color=&#8221;#343A40&#8243; global_colors_info=&#8221;{}&#8221;]<\/p>\n<p><span>Ideja ovog podcasta je podijeliti misli i iskustva iz uloga trenera i supervizora o tome kako se mindfulness mo\u017ee koristiti i biti koristan za studente psihoterapije u razvoju njihovih kompetencija.  <\/span><\/p>\n<p><span>Ova razmi\u0161ljanja i iskustva podijelit \u0107e <strong>Melita Mihajlovi\u0107 Ko\u0161ak<\/strong> , psihologinja, psihoterapeutkinja i privremena trenerica i supervizorica transakcijske analize (PTSTA-P) i u\u010diteljica mindfulnessa iz Slovenije, te <strong>Tatjana Gjurkovi\u0107<\/strong>, psihologinja, psihoterapeutkinja i trenerica i supervizorica transakcijske analize (TSTA-P) iz Hrvatske. <\/span><\/p>\n<p>[\/et_pb_text][et_pb_text _builder_version=&#8221;4.23.1&#8243; _module_preset=&#8221;5016e920-317b-4735-9c41-1f9c36333cf5&#8243; text_font=&#8221;||||||||&#8221; text_text_color=&#8221;#343A40&#8243; global_colors_info=&#8221;{}&#8221;]<\/p>\n<p>1. Epizoda: <a href=\"https:\/\/youtu.be\/R3uXz2XfMkg?si=b3GK8Edr3OJMMEc-\" target=\"_blank\" rel=\"noopener\">Uloga mindfulnessa u obuci studenata psihoterapije<\/a><\/p>\n<p>2. Epizoda: <a href=\"https:\/\/www.youtube.com\/watch?v=OsafiDPJS0o&amp;list=PLK54gqrZdut0J6HIGJIawP39ihuL6xh-Q&amp;index=2\" target=\"_blank\" rel=\"noopener\">Kako mindfullness mo\u017ee utjecati na proces u\u010denja u grupi<\/a> <\/p>\n<p>3. Epizoda: <a href=\"https:\/\/youtu.be\/TZy0YnwnYFA\" target=\"_blank\" rel=\"noopener\"><span>Eti\u010dka razmatranja o integraciji mindfulnessa u program obuke za psihoterapiju<\/span><\/a><\/p>\n<blockquote><\/blockquote>\n<p>[\/et_pb_text][\/et_pb_column][et_pb_column type=&#8221;1_3&#8243; _builder_version=&#8221;4.22.0&#8243; _module_preset=&#8221;default&#8221; global_colors_info=&#8221;{}&#8221;][et_pb_image src=&#8221;https:\/\/adtraininginstitute.com\/wp-content\/uploads\/2024\/02\/Mindfulness_in-psychotherapy-training-and-supervision.jpg&#8221; title_text=&#8221;Mindfulness u psihoterapijskoj obuci i superviziji&#8221; url=&#8221;https:\/\/www.youtube.com\/playlist?list=PLK54gqrZdut0J6HIGJIawP39ihuL6xh-Q&#8221; url_new_window=&#8221;on&#8221; use_overlay=&#8221;on&#8221; overlay_icon_color=&#8221;#FFCE02&#8243; hover_overlay_color=&#8221;rgba(52,58,64,0.59)&#8221; hover_icon=&#8221;&#x49;||divi||400&#8243; _builder_version=&#8221;4.23.1&#8243; _module_preset=&#8221;default&#8221; border_radii=&#8221;on|10px|10px|10px|10px&#8221; box_shadow_style=&#8221;preset1&#8243; global_colors_info=&#8221;{}&#8221;][\/et_pb_image][\/et_pb_column][\/et_pb_row][et_pb_row column_structure=&#8221;2_3,1_3&#8243; make_equal=&#8221;on&#8221; _builder_version=&#8221;4.27.5&#8243; _module_preset=&#8221;default&#8221; module_alignment=&#8221;center&#8221; custom_margin=&#8221;0px|auto|0px|13px|true|false&#8221; custom_padding=&#8221;20px||50px||false|false&#8221; hover_enabled=&#8221;0&#8243; global_colors_info=&#8221;{}&#8221; sticky_enabled=&#8221;0&#8243;][et_pb_column type=&#8221;2_3&#8243; _builder_version=&#8221;4.23.1&#8243; _module_preset=&#8221;default&#8221; global_colors_info=&#8221;{}&#8221;][et_pb_text _builder_version=&#8221;4.27.4&#8243; _module_preset=&#8221;954ad5f8-b22a-45d8-9a52-f362639192fb&#8221; header_text_color=&#8221;#343A40&#8243; header_2_text_color=&#8221;#067BBF&#8221; custom_margin=&#8221;||10px||false|false&#8221; animation_style=&#8221;slide&#8221; animation_direction=&#8221;left&#8221; locked=&#8221;off&#8221; global_colors_info=&#8221;{}&#8221;]<\/p>\n<h1><em>NOVA SEZONA<\/em><\/h1>\n<h1>Podcast \u201cMuke po mladom terapeutu\u201d<\/h1>\n<p>[\/et_pb_text][et_pb_text _builder_version=&#8221;4.27.4&#8243; _module_preset=&#8221;5016e920-317b-4735-9c41-1f9c36333cf5&#8243; text_font=&#8221;||||||||&#8221; text_text_color=&#8221;#343A40&#8243; global_colors_info=&#8221;{}&#8221;]<\/p>\n<p>Dobrodo\u0161li u novu sezonu hrvatskog podcasta \u201eMuke po mladom terapeutu\u201c.<br \/>Podcast je namijenjen svima koje zanima svijet psihoterapijske edukacije.<\/p>\n<p>U ovoj sezoni va\u0161a voditeljica Tatjana Gjurkovi\u0107 ugostit \u0107e studente, a mo\u017eda i ponekog edukatora, te zajedno s njima istra\u017eivati fascinantan, ali i izazovan svijet psihoterapije.<\/p>\n<p>Fokus ove sezone je edukacija iz psihoterapije djece i adolescenata &#8211; podru\u010dje namijenjeno psihoterapeutima i savjetodavnim terapeutima koji \u017eele pro\u0161iriti svoje znanje i praksu u njihovom radu s najmla\u0111im klijentima. <\/p>\n<p>[\/et_pb_text][et_pb_text _builder_version=&#8221;4.27.5&#8243; _module_preset=&#8221;5016e920-317b-4735-9c41-1f9c36333cf5&#8243; text_font=&#8221;||||||||&#8221; text_text_color=&#8221;#343A40&#8243; hover_enabled=&#8221;0&#8243; global_colors_info=&#8221;{}&#8221; sticky_enabled=&#8221;0&#8243;]<\/p>\n<blockquote><\/blockquote>\n<p>1. Epizoda: <a href=\"https:\/\/www.youtube.com\/watch?v=yCQu17Hj4Ow\" target=\"_blank\" rel=\"noopener\">Iskustvo poha\u0111anja dje\u010dje i adolescentne psihoterapieje<\/a><\/p>\n<p>2. Epizoda: <a href=\"https:\/\/youtu.be\/YEUEq1QIGUw\" target=\"_blank\" rel=\"noopener\">\u0160to bih voljela znati prije upisa dje\u010dje i adolescentne psihoterapije<\/a><\/p>\n<blockquote><\/blockquote>\n<p>[\/et_pb_text][\/et_pb_column][et_pb_column type=&#8221;1_3&#8243; _builder_version=&#8221;4.22.0&#8243; _module_preset=&#8221;default&#8221; global_colors_info=&#8221;{}&#8221;][et_pb_image src=&#8221;https:\/\/adtraininginstitute.com\/wp-content\/uploads\/2025\/10\/EPIZODA-1-Iskustvo-pohadanja-djecje-i-adolescentne-psihoterapije-\u2013-kopija.png&#8221; title_text=&#8221;EPIZODA 1 Iskustvo poha\u0111anja dje\u010dje i adolescentne psihoterapije \u2013 kopija&#8221; url=&#8221;https:\/\/www.youtube.com\/playlist?list=PLK54gqrZdut12ayc9quf5LVlZJsAmiBaP&#8221; url_new_window=&#8221;on&#8221; use_overlay=&#8221;on&#8221; overlay_icon_color=&#8221;#FFCE02&#8243; hover_overlay_color=&#8221;rgba(52,58,64,0.59)&#8221; hover_icon=&#8221;&#x49;||divi||400&#8243; _builder_version=&#8221;4.27.4&#8243; _module_preset=&#8221;default&#8221; border_radii=&#8221;on|10px|10px|10px|10px&#8221; box_shadow_style=&#8221;preset1&#8243; global_colors_info=&#8221;{}&#8221;][\/et_pb_image][\/et_pb_column][\/et_pb_row][et_pb_row column_structure=&#8221;2_3,1_3&#8243; make_equal=&#8221;on&#8221; _builder_version=&#8221;4.23.1&#8243; _module_preset=&#8221;default&#8221; module_alignment=&#8221;center&#8221; custom_margin=&#8221;0px|auto|0px|13px|true|false&#8221; custom_padding=&#8221;20px||20px||true|false&#8221; global_colors_info=&#8221;{}&#8221;][et_pb_column type=&#8221;2_3&#8243; _builder_version=&#8221;4.23.1&#8243; _module_preset=&#8221;default&#8221; global_colors_info=&#8221;{}&#8221;][et_pb_text _builder_version=&#8221;4.27.4&#8243; _module_preset=&#8221;954ad5f8-b22a-45d8-9a52-f362639192fb&#8221; header_text_color=&#8221;#343A40&#8243; header_2_text_color=&#8221;#067BBF&#8221; custom_margin=&#8221;||10px||false|false&#8221; animation_style=&#8221;slide&#8221; animation_direction=&#8221;left&#8221; locked=&#8221;off&#8221; global_colors_info=&#8221;{}&#8221;]<\/p>\n<h1>Sezona 1<\/h1>\n<h1>Podcast \u201cMuke po mladom terapeutu\u201d<\/h1>\n<p>[\/et_pb_text][et_pb_text _builder_version=&#8221;4.22.2&#8243; _module_preset=&#8221;5016e920-317b-4735-9c41-1f9c36333cf5&#8243; text_font=&#8221;||||||||&#8221; text_text_color=&#8221;#343A40&#8243; global_colors_info=&#8221;{}&#8221;]<\/p>\n<p>Podcast u kojem biv\u0161a studentica psihoterapije <strong>Marija Morovi\u0107<\/strong> i njezina biv\u0161a voditeljica te\u010daja <strong>Tatjana Gjurkovi\u0107<\/strong> dijele svoja iskustva o razli\u010ditim aspektima psihoterapijske obuke.<strong><\/strong><\/p>\n<p>[\/et_pb_text][et_pb_text _builder_version=&#8221;4.23.1&#8243; _module_preset=&#8221;5016e920-317b-4735-9c41-1f9c36333cf5&#8243; text_font=&#8221;||||||||&#8221; text_text_color=&#8221;#343A40&#8243; global_colors_info=&#8221;{}&#8221;]<\/p>\n<blockquote><\/blockquote>\n<p>6. Epizoda: <a href=\"https:\/\/youtu.be\/ZxlLi96JluI?si=1FbCVpKMpH11e17y\" target=\"_blank\" rel=\"noopener\">Naplata klijentima<\/a><\/p>\n<p>5. Epizoda: <a href=\"https:\/\/youtu.be\/kplRKMnHU-Y\" target=\"_blank\" rel=\"noopener\">Po\u010detak rada s klijentima<\/a><\/p>\n<p>4. Epizoda: <a href=\"https:\/\/youtu.be\/i72Xmz4jhDM\" target=\"_blank\" rel=\"noopener\"><span>Supervizija, 2.dio: isprepletenost straha i podr\u0161ke<\/span><\/a> <\/p>\n<p>3. Epizoda: <a href=\"https:\/\/youtu.be\/ZInzo_ndldM?si=Od3RNjhgDVGnr6ky\" target=\"_blank\" rel=\"noopener\"><span>Supervizija, 1.dio: isprepletenost straha i podr\u0161ke<\/span><\/a><\/p>\n<p>2. Epizoda: <a href=\"https:\/\/youtu.be\/Usi64FVStoc?si=DsHehZHGaDQJTBIL\" target=\"_blank\" rel=\"noopener\">Osobna psihoterapija &#8211; kako nas mijenja tijekom edukacije?<\/a><\/p>\n<p>1. Epizoda: <a href=\"https:\/\/youtu.be\/c3obvuiAGHU?si=HBaG4iTjibghPJ8_\" target=\"_blank\" rel=\"noopener\">Kako odabrati &#8220;pravu&#8221; psihoterapijsku \u0161kolu (i postoji li takva)?<\/a><\/p>\n<blockquote><\/blockquote>\n<p>[\/et_pb_text][\/et_pb_column][et_pb_column type=&#8221;1_3&#8243; _builder_version=&#8221;4.22.0&#8243; _module_preset=&#8221;default&#8221; global_colors_info=&#8221;{}&#8221;][et_pb_image src=&#8221;https:\/\/adtraininginstitute.com\/wp-content\/uploads\/2024\/04\/Muke-po-terapeutu_YT-cover-Instagram-Post-8.png&#8221; title_text=&#8221;Muke po terapeutu_YT cover (Instagram Post) (8)&#8221; url=&#8221;https:\/\/www.youtube.com\/playlist?list=PLK54gqrZdut12ayc9quf5LVlZJsAmiBaP&#8221; url_new_window=&#8221;on&#8221; use_overlay=&#8221;on&#8221; overlay_icon_color=&#8221;#FFCE02&#8243; hover_overlay_color=&#8221;rgba(52,58,64,0.59)&#8221; hover_icon=&#8221;&#x49;||divi||400&#8243; _builder_version=&#8221;4.23.1&#8243; _module_preset=&#8221;default&#8221; border_radii=&#8221;on|10px|10px|10px|10px&#8221; box_shadow_style=&#8221;preset1&#8243; global_colors_info=&#8221;{}&#8221;][\/et_pb_image][\/et_pb_column][\/et_pb_row][\/et_pb_section]<\/p>\n","protected":false},"excerpt":{"rendered":"<p>BESPLATNI RESURSI \u2014PodcastPodcast \u201cMindfulness u psihoterapijskoj obuci i superviziji\u201dIdeja ovog podcasta je podijeliti misli i iskustva iz uloga trenera i supervizora o tome kako se mindfulness mo\u017ee koristiti i biti koristan za studente psihoterapije u razvoju njihovih kompetencija. Ova razmi\u0161ljanja i iskustva podijelit \u0107e Melita Mihajlovi\u0107 Ko\u0161ak , psihologinja, psihoterapeutkinja i privremena trenerica i supervizorica [&hellip;]<\/p>\n","protected":false},"author":3,"featured_media":2671,"parent":0,"menu_order":0,"comment_status":"closed","ping_status":"closed","template":"","meta":{"_et_pb_use_builder":"on","_et_pb_old_content":"","_et_gb_content_width":"","footnotes":""},"class_list":["post-3000","page","type-page","status-publish","has-post-thumbnail","hentry"],"_links":{"self":[{"href":"https:\/\/adtraininginstitute.com\/hr\/wp-json\/wp\/v2\/pages\/3000","targetHints":{"allow":["GET"]}}],"collection":[{"href":"https:\/\/adtraininginstitute.com\/hr\/wp-json\/wp\/v2\/pages"}],"about":[{"href":"https:\/\/adtraininginstitute.com\/hr\/wp-json\/wp\/v2\/types\/page"}],"author":[{"embeddable":true,"href":"https:\/\/adtraininginstitute.com\/hr\/wp-json\/wp\/v2\/users\/3"}],"replies":[{"embeddable":true,"href":"https:\/\/adtraininginstitute.com\/hr\/wp-json\/wp\/v2\/comments?post=3000"}],"version-history":[{"count":9,"href":"https:\/\/adtraininginstitute.com\/hr\/wp-json\/wp\/v2\/pages\/3000\/revisions"}],"predecessor-version":[{"id":3749,"href":"https:\/\/adtraininginstitute.com\/hr\/wp-json\/wp\/v2\/pages\/3000\/revisions\/3749"}],"wp:featuredmedia":[{"embeddable":true,"href":"https:\/\/adtraininginstitute.com\/hr\/wp-json\/wp\/v2\/media\/2671"}],"wp:attachment":[{"href":"https:\/\/adtraininginstitute.com\/hr\/wp-json\/wp\/v2\/media?parent=3000"}],"curies":[{"name":"wp","href":"https:\/\/api.w.org\/{rel}","templated":true}]}}